{"id":515,"date":"2025-05-08T07:19:29","date_gmt":"2025-05-08T07:19:29","guid":{"rendered":"https:\/\/generalielorelatok.hu\/thsn\/?page_id=515"},"modified":"2026-03-16T13:09:01","modified_gmt":"2026-03-16T13:09:01","slug":"thsn-2025","status":"publish","type":"page","link":"https:\/\/generalielorelatok.hu\/thsn\/","title":{"rendered":"The Human Safety Net"},"content":{"rendered":"\r\n\r\n<section id=\"nyitokep\" class=\"multislider alignwide\">\r\n\r\n    \r\n        <div class=\"slides-container\">\r\n\r\n            \r\n            <div class=\"slide\">\r\n                <img decoding=\"async\" class=\"desktop\" src=\"https:\/\/generalielorelatok.hu\/thsn\/wp-content\/uploads\/2025\/05\/generali_header_desktop_1440x800.jpg\">\r\n                <img decoding=\"async\" class=\"mobile\" src=\"https:\/\/generalielorelatok.hu\/thsn\/wp-content\/uploads\/2025\/05\/generali_header_mobile_640x800.jpg\">\r\n            <\/div>\r\n\r\n            \r\n        <\/div>\r\n\r\n\r\n    \r\n\r\n    <img decoding=\"async\" id=\"hl\" src=\"\">\r\n\r\n<\/section>\r\n\n\n\n<div class=\"wp-block-group alignfull opening-text\"><div class=\"wp-block-group__inner-container is-layout-flow wp-block-group-is-layout-flow\">\n<div class=\"wp-block-group white-box\"><div class=\"wp-block-group__inner-container is-layout-flow wp-block-group-is-layout-flow\">\n<h3 class=\"wp-block-heading\">Egy olyan vil\u00e1gr\u00f3l \u00e1lmodunk,<\/h3>\n\n\n\n<p class=\"has-text-align-left\">amelyben a gyerekeknek megvan az es\u00e9lye a teljes \u00e9lethez.<br>Boldog feln\u0151tt csak boldog gyerekb\u0151l lehet \u2013 ez hajtja a <strong>The Human Safety Net<\/strong> programhoz csatlakozott valamennyi partner\u00fcnket. Te is egyet\u00e9rtesz a <strong>Generali a Biztons\u00e1g\u00e9rt Alap\u00edtv\u00e1ny<\/strong> c\u00e9ljaival? Seg\u00edtsd a munk\u00e1nkat!<\/p>\n\n\n\n<p><a href=\"https:\/\/generalielorelatok.hu\/thsn\/adomanyozas\/\" class=\"button\" rel=\"noopener\">Adom\u00e1nyozok<\/a><\/p>\n<\/div><\/div>\n<\/div><\/div>\n\n\n\n<div class=\"wp-block-group alignfull video-container\"><div class=\"wp-block-group__inner-container is-layout-flow wp-block-group-is-layout-flow\">\n<div class=\"wp-block-columns alignfull is-layout-flex wp-container-core-columns-is-layout-9d6595d7 wp-block-columns-is-layout-flex\" id=\"contact\">\n<div class=\"wp-block-column video-desc opening-text is-layout-flow wp-block-column-is-layout-flow\">\n<h3 class=\"wp-block-heading\">Senki sem tudja jobban,<\/h3>\n\n\n\n<p>mint a sz\u00fcl\u0151, hogy mire van sz\u00fcks\u00e9ge a gyermek\u00e9nek, \u00e9s a legjobbat akarja neki. A Generalin\u00e1l hisz\u00fcnk abban, hogy minden gyermek k\u00fcl\u00f6nleges, \u00e9s meg\u00e9rdemli az \u00f6nfeledt gyermekkort. Alap\u00edtv\u00e1nyunk The Human SafetyNet programja csal\u00e1doknak seg\u00edt abban, hogy j\u00f3 kezekben lehessenek, \u00e9s megteremthess\u00e9k a megfelel\u0151 k\u00f6r\u00fclm\u00e9nyeket a boldog \u00e9s biztons\u00e1gos \u00e9lethez. Az elm\u00falt \u00e9vekben t\u00f6bb, mint 2000 csal\u00e1d \u00e9let\u00e9re voltunk pozit\u00edv hat\u00e1ssal.<\/p>\n<\/div>\n\n\n\n<div class=\"wp-block-column is-layout-flow wp-block-column-is-layout-flow\">\n<figure class=\"wp-block-image size-large\"><img loading=\"lazy\" decoding=\"async\" width=\"1024\" height=\"569\" src=\"https:\/\/generalielorelatok.hu\/thsn\/wp-content\/uploads\/2025\/05\/key12-1024x569.jpg\" alt=\"\" class=\"wp-image-631\" srcset=\"https:\/\/generalielorelatok.hu\/thsn\/wp-content\/uploads\/2025\/05\/key12-1024x569.jpg 1024w, https:\/\/generalielorelatok.hu\/thsn\/wp-content\/uploads\/2025\/05\/key12-300x167.jpg 300w, https:\/\/generalielorelatok.hu\/thsn\/wp-content\/uploads\/2025\/05\/key12-768x427.jpg 768w, https:\/\/generalielorelatok.hu\/thsn\/wp-content\/uploads\/2025\/05\/key12.jpg 1439w\" sizes=\"auto, (max-width: 1024px) 100vw, 1024px\" \/><\/figure>\n<\/div>\n<\/div>\n<\/div><\/div>\n\n\n\n<div class=\"wp-block-group alignfull article-container red\" id=\"thsn\"><div class=\"wp-block-group__inner-container is-layout-flow wp-block-group-is-layout-flow\">\n<div class=\"wp-block-columns alignwide is-layout-flex wp-container-core-columns-is-layout-9d6595d7 wp-block-columns-is-layout-flex\">\n<div class=\"wp-block-column is-layout-flow wp-block-column-is-layout-flow\">\n<div class=\"wp-block-group red-box\"><div class=\"wp-block-group__inner-container is-layout-flow wp-block-group-is-layout-flow\">\n<h3 class=\"wp-block-heading\">THE HUMAN SAFETY NET<br>Az egym\u00e1st seg\u00edt\u0151 emberek<br>glob\u00e1lis mozgalma<\/h3>\n\n\n\n<p>amelyet a Generali Csoport h\u00edvott \u00e9letre, \u00f6sszesen imm\u00e1r 26 orsz\u00e1gban. K\u00fcldet\u00e9se, hogy minden embernek legyen es\u00e9lye megmutatni a benne rejl\u0151 lehet\u0151s\u00e9geket, ez\u00e1ltal pedig \u00e1talak\u00edthass\u00e1k csal\u00e1djuk \u00e9s k\u00f6z\u00f6ss\u00e9g\u00fck \u00e9let\u00e9t. A THSN programjai Magyarorsz\u00e1gon t\u00f6bbek k\u00f6z\u00f6tt a kisgyermekes csal\u00e1dokat t\u00e1mogatj\u00e1k, \u00e9rt\u00fck vannak. Mert egy\u00fctt m\u00e9g t\u00f6bbet tehet\u00fcnk egym\u00e1s\u00e9rt, mindannyiunk\u00e9rt.<\/p>\n<\/div><\/div>\n<\/div>\n\n\n\n<div class=\"wp-block-column is-layout-flow wp-block-column-is-layout-flow\"><\/div>\n<\/div>\n<\/div><\/div>\n\n\n\n<div class=\"wp-block-group alignfull image-group-container\" id=\"program\"><div class=\"wp-block-group__inner-container is-layout-flow wp-block-group-is-layout-flow\">\n<div class=\"wp-block-columns alignwide is-layout-flex wp-container-core-columns-is-layout-9d6595d7 wp-block-columns-is-layout-flex\">\n<div class=\"wp-block-column is-layout-flow wp-block-column-is-layout-flow\"><\/div>\n\n\n\n<div class=\"wp-block-column is-layout-flow wp-block-column-is-layout-flow\">\n<div class=\"wp-block-group white-box\"><div class=\"wp-block-group__inner-container is-layout-flow wp-block-group-is-layout-flow\">\n<h3 class=\"wp-block-heading\">Program a csal\u00e1dok\u00e9rt<\/h3>\n\n\n\n<p>Magyarorsz\u00e1gon a Generali a Biztons\u00e1g\u00e9rt Alap\u00edtv\u00e1ny \u00e1ltal m\u0171k\u00f6dtetett The Human Safety Net a Csal\u00e1dok\u00e9rt programmal c\u00e9lunk, hogy a sz\u00fcl\u0151k\u00f6n \u00e9s gondoz\u00f3kon kereszt\u00fcl el\u0151seg\u00edts\u00fck a gyermekek eg\u00e9szs\u00e9ges, kiegyens\u00falyozott fejl\u0151d\u00e9s\u00e9t a koragyermekkori, legs\u00e9r\u00fcl\u00e9kenyebb \u00e9letszakaszban, \u00e9s ez\u00e1ltal biztos alapokat teremts\u00fcnk sz\u00e1mukra a j\u00f6v\u0151 kih\u00edv\u00e1saival szemben.<\/p>\n<\/div><\/div>\n<\/div>\n<\/div>\n<\/div><\/div>\n\n\n\n<div class=\"wp-block-group alignfull form-group-container\" id=\"alapitvanyok\"><div class=\"wp-block-group__inner-container is-layout-flow wp-block-group-is-layout-flow\">\n<div class=\"wp-block-columns alignwide is-layout-flex wp-container-core-columns-is-layout-9d6595d7 wp-block-columns-is-layout-flex\">\n<div class=\"wp-block-column is-layout-flow wp-block-column-is-layout-flow\">\n<figure class=\"wp-block-image size-full\"><img loading=\"lazy\" decoding=\"async\" width=\"952\" height=\"252\" src=\"https:\/\/thsn.generalielorelatok.hu\/wp-content\/uploads\/2022\/10\/egyuttmukodo-alapitvanyok-1.png\" alt=\"\" class=\"wp-image-433\" srcset=\"https:\/\/generalielorelatok.hu\/thsn\/wp-content\/uploads\/2022\/10\/egyuttmukodo-alapitvanyok-1.png 952w, https:\/\/generalielorelatok.hu\/thsn\/wp-content\/uploads\/2022\/10\/egyuttmukodo-alapitvanyok-1-300x79.png 300w, https:\/\/generalielorelatok.hu\/thsn\/wp-content\/uploads\/2022\/10\/egyuttmukodo-alapitvanyok-1-768x203.png 768w\" sizes=\"auto, (max-width: 952px) 100vw, 952px\" \/><\/figure>\n<\/div>\n\n\n\n<div class=\"wp-block-column is-layout-flow wp-block-column-is-layout-flow\">\n<div class=\"wp-block-group white-box\"><div class=\"wp-block-group__inner-container is-layout-flow wp-block-group-is-layout-flow\">\n<p>A <strong>The Human Safety Net<\/strong> a vele egy\u00fcttm\u0171k\u00f6d\u0151 alap\u00edtv\u00e1nyokkal kialak\u00edtott k\u00f6z\u00f6s szakmai programokon kereszt\u00fcl val\u00f3s\u00edtja meg c\u00e9ljait.<\/p>\n<\/div><\/div>\n<\/div>\n<\/div>\n<\/div><\/div>\n\n\n\n<div class=\"wp-block-group alignfull article-container osa\" id=\"thsn\"><div class=\"wp-block-group__inner-container is-layout-flow wp-block-group-is-layout-flow\">\n<div class=\"wp-block-columns alignwide is-layout-flex wp-container-core-columns-is-layout-9d6595d7 wp-block-columns-is-layout-flex\">\n<div class=\"wp-block-column is-layout-flow wp-block-column-is-layout-flow\">\n<div class=\"wp-block-group white-box\"><div class=\"wp-block-group__inner-container is-layout-flow wp-block-group-is-layout-flow\">\n<h4 class=\"wp-block-heading\">Es\u00e9ly a kiegyens\u00falyozott \u00e9letkezdetre<\/h4>\n\n\n\n<h3 class=\"wp-block-heading\">Otthon Seg\u00edt\u00fcnk Alap\u00edtv\u00e1ny<\/h3>\n\n\n\n<p>Fontosnak tartjuk, hogy kisgyermeket \u2013 k\u00fcl\u00f6n\u00f6sen a koragyermeki fejl\u0151d\u00e9s szempontj\u00e1b\u00f3l kiemelt fontoss\u00e1g\u00fa, egyben nagyon s\u00e9r\u00fcl\u00e9keny els\u0151 hat \u00e9let\u00e9v\u00e9ben \u2013 kiegyens\u00falyozott csal\u00e1d vegye k\u00f6r\u00fcl. Ez\u00e9rt t\u00e1mogatjuk az Otthon Seg\u00edt\u00fcnk Alap\u00edtv\u00e1nyt, amely kisgyermekes csal\u00e1dokat karol fel.<\/p>\n\n\n\n<p><a href=\"https:\/\/www.otthonsegitunk.hu\/\" class=\"button\" target=\"_blank\" rel=\"noopener\">Megn\u00e9zem<\/a><\/p>\n<\/div><\/div>\n<\/div>\n\n\n\n<div class=\"wp-block-column is-layout-flow wp-block-column-is-layout-flow\"><\/div>\n<\/div>\n<\/div><\/div>\n\n\n\n<div class=\"wp-block-group alignfull article-container anyak  reverse\" id=\"thsn\"><div class=\"wp-block-group__inner-container is-layout-flow wp-block-group-is-layout-flow\">\n<div class=\"wp-block-columns alignwide is-layout-flex wp-container-core-columns-is-layout-9d6595d7 wp-block-columns-is-layout-flex\">\n<div class=\"wp-block-column is-layout-flow wp-block-column-is-layout-flow\"><\/div>\n\n\n\n<div class=\"wp-block-column is-layout-flow wp-block-column-is-layout-flow\">\n<div class=\"wp-block-group white-box\"><div class=\"wp-block-group__inner-container is-layout-flow wp-block-group-is-layout-flow\">\n<h4 class=\"wp-block-heading\">ES\u00c9LY A J\u00d6V\u0150BIZTOS TUD\u00c1SRA<\/h4>\n\n\n\n<h3 class=\"wp-block-heading\">Edisonplatform<\/h3>\n\n\n\n<p>Az egyre komplexebb 21. sz\u00e1zad olyan kih\u00edv\u00e1sok el\u00e9 \u00e1ll\u00edtj\u00e1k a gyermekeket, amelyekkel m\u00e9g sz\u00fcleik sem tal\u00e1lkoztak. Hissz\u00fck, hogy a sz\u00fcl\u0151k felk\u00e9sz\u00edt\u00e9s\u00e9vel megk\u00f6nny\u00edthetj\u00fck a gyermekeik j\u00f6v\u0151j\u00e9t. A Bridge Budapesttel k\u00f6z\u00f6sen ind\u00edtott EdisonLab program c\u00e9lja a sz\u00fcl\u0151k el\u00e9r\u00e9se munkahely\u00fcnk\u00f6n kereszt\u00fcl, sz\u00fcl\u0151csoportokon tudatos\u00edtva benn\u00fck a j\u00f6v\u0151ben sz\u00fcks\u00e9ges k\u00e9pess\u00e9geket \u00e9s kompetenci\u00e1kat, ez\u00e1ltal t\u00e1mogatjuk \u0151ket, hogy azt\u00e1n \u0151k a gyermekeiket tudj\u00e1k felk\u00e9sz\u00edteni a 21. sz\u00e1zadra.<\/p>\n\n\n\n<p><a href=\"https:\/\/www.edisonplatform.hu\/\" class=\"button\" target=\"_blank\" rel=\"noopener\">Megn\u00e9zem<\/a><\/p>\n<\/div><\/div>\n<\/div>\n<\/div>\n<\/div><\/div>\n\n\n\n<div class=\"wp-block-group alignfull article-container blum\" id=\"thsn\"><div class=\"wp-block-group__inner-container is-layout-flow wp-block-group-is-layout-flow\">\n<div class=\"wp-block-columns alignwide is-layout-flex wp-container-core-columns-is-layout-9d6595d7 wp-block-columns-is-layout-flex\">\n<div class=\"wp-block-column is-layout-flow wp-block-column-is-layout-flow\">\n<div class=\"wp-block-group white-box\"><div class=\"wp-block-group__inner-container is-layout-flow wp-block-group-is-layout-flow\">\n<h4 class=\"wp-block-heading\">Es\u00e9ly egy teljesebb \u00e9letre<\/h4>\n\n\n\n<h3 class=\"wp-block-heading\">Magyar V\u00f6r\u00f6skereszt Budapest F\u0151v\u00e1rosi Szervezete<\/h3>\n\n\n\n<p>A Magyar V\u00f6r\u00f6skereszt Budapest F\u0151v\u00e1rosi Szervezet\u00e9vel k\u00f6z\u00f6sen sz\u00fcl\u0151i eduk\u00e1ci\u00f3s alkalmakat, a gyermekek sz\u00e1m\u00e1ra j\u00e1t\u00e9kos, \u00e9lm\u00e9nyalap\u00fa foglalkoz\u00e1sokat, valamint k\u00f6z\u00f6s csal\u00e1di programokat szervez\u00fcnk. Ezek az esem\u00e9nyek lehet\u0151s\u00e9get ny\u00fajtanak a felt\u00f6lt\u0151d\u00e9sre \u00e9s a kikapcsol\u00f3d\u00e1sra, \u00e9s hozz\u00e1j\u00e1rulnak a csal\u00e1dok bels\u0151 er\u0151forr\u00e1sainak meger\u0151s\u00edt\u00e9s\u00e9hez, valamint a sz\u00fcl\u0151\u2013gyermek kapcsolatok elm\u00e9ly\u00edt\u00e9s\u00e9hez is.<\/p>\n\n\n\n<p><a href=\"https:\/\/voroskeresztbp.hu\/\" class=\"button\" target=\"_blank\" rel=\"noopener\">Megn\u00e9zem<\/a><\/p>\n<\/div><\/div>\n<\/div>\n\n\n\n<div class=\"wp-block-column is-layout-flow wp-block-column-is-layout-flow\"><\/div>\n<\/div>\n<\/div><\/div>\n\n\n\r\n<div id=\"news-carousel-block_c9a30f0f0d557780a9ea7228c28cc848\" class=\"news-carousel-wrapper\">\r\n    <h3 class=\"news-block-title\">H\u00edreink<\/h3>\r\n    <div class=\"swiper news-carousel\">\r\n        <div class=\"swiper-wrapper\">\r\n                    <div class=\"swiper-slide news-card d-flex flex-column\">\r\n                                    <a href=\"https:\/\/blog.generalielorelatok.hu\/alapitvany\/edisonlab-by-thsn-trening-szuloknek\/\" target=\"_blank\">\r\n                        <img decoding=\"async\" src=\"https:\/\/generalielorelatok.hu\/thsn\/wp-content\/uploads\/2025\/05\/news01.jpg\" alt=\"\">\r\n                    <\/a>\r\n                \r\n                <div class=\"card-content d-flex flex-column justify-content-between h-100\">\r\n                    <div>\r\n                        <h3>\r\n                            <a href=\"https:\/\/blog.generalielorelatok.hu\/alapitvany\/edisonlab-by-thsn-trening-szuloknek\/\" target=\"_blank\" style=\"color: inherit; text-decoration: none;\">\r\n                                \u201eNem t\u00f6k\u00e9letes, hanem tudatos sz\u00fcl\u0151ket tr\u00e9ningez\u00fcnk\u201d                            <\/a>\r\n                        <\/h3>\r\n\r\n                        <p>\u00daj, hi\u00e1nyp\u00f3tl\u00f3 egy\u00fcttm\u0171k\u00f6d\u00e9st ind\u00edt  kisgyermekes sz\u00fcl\u0151knek a Generali The Human Safety Net programja \u00e9s az Edison platform, EdisonLab by THSN \r\n\u00e9s Bridge Budapest n\u00e9ven&#8230;<\/p>\r\n                    <\/div>\r\n                    <a class=\"read-more mt-auto\" href=\"https:\/\/blog.generalielorelatok.hu\/alapitvany\/edisonlab-by-thsn-trening-szuloknek\/\" target=\"_blank\">Elolvasom<\/a>\r\n                <\/div>\r\n            <\/div>\r\n                    <div class=\"swiper-slide news-card d-flex flex-column\">\r\n                                    <a href=\"https:\/\/blog.generalielorelatok.hu\/alapitvany\/adomanygyujtes-karacsony-generali-the-human-safety-net\/\" target=\"_blank\">\r\n                        <img decoding=\"async\" src=\"https:\/\/generalielorelatok.hu\/thsn\/wp-content\/uploads\/2025\/05\/news02.jpg\" alt=\"\">\r\n                    <\/a>\r\n                \r\n                <div class=\"card-content d-flex flex-column justify-content-between h-100\">\r\n                    <div>\r\n                        <h3>\r\n                            <a href=\"https:\/\/blog.generalielorelatok.hu\/alapitvany\/adomanygyujtes-karacsony-generali-the-human-safety-net\/\" target=\"_blank\" style=\"color: inherit; text-decoration: none;\">\r\n                                Adom\u00e1nygy\u0171jt\u00e9ssel tessz\u00fck k\u00f6nnyebb\u00e9 az \u00fcnnepi id\u0151szakot a nehezebb helyzetben \u00e9l\u0151k sz\u00e1m\u00e1ra                            <\/a>\r\n                        <\/h3>\r\n\r\n                        <p>Az \u00fcnnepekre val\u00f3 k\u00e9sz\u00fcl\u0151d\u00e9shez a legt\u00f6bb\u00fcnkn\u00e9l a v\u00e1s\u00e1rl\u00e1s, az aj\u00e1nd\u00e9kok&#8230;<\/p>\r\n                    <\/div>\r\n                    <a class=\"read-more mt-auto\" href=\"https:\/\/blog.generalielorelatok.hu\/alapitvany\/adomanygyujtes-karacsony-generali-the-human-safety-net\/\" target=\"_blank\">Elolvasom<\/a>\r\n                <\/div>\r\n            <\/div>\r\n                    <div class=\"swiper-slide news-card d-flex flex-column\">\r\n                                    <a href=\"https:\/\/blog.generalielorelatok.hu\/alapitvany\/the-human-safety-net-szulo-gyerek-tabor-2025\/\" target=\"_blank\">\r\n                        <img decoding=\"async\" src=\"https:\/\/generalielorelatok.hu\/thsn\/wp-content\/uploads\/2025\/08\/tabor.jpg\" alt=\"\">\r\n                    <\/a>\r\n                \r\n                <div class=\"card-content d-flex flex-column justify-content-between h-100\">\r\n                    <div>\r\n                        <h3>\r\n                            <a href=\"https:\/\/blog.generalielorelatok.hu\/alapitvany\/the-human-safety-net-szulo-gyerek-tabor-2025\/\" target=\"_blank\" style=\"color: inherit; text-decoration: none;\">\r\n                                2025-ben k\u00e9t sz\u00fcl\u0151-gyerek t\u00e1bor a The Human Safety Net rendez\u00e9s\u00e9ben                            <\/a>\r\n                        <\/h3>\r\n\r\n                        <p>Az idei \u00e9vben nem egy, hanem k\u00e9t t\u00e1bor j\u00f6hetett l\u00e9tre, \u00edgy a tavalyi 90 f\u0151h\u00f6z k\u00e9pest ez\u00fattal t\u00f6bb, mint 150 f\u0151 sz\u00e1m\u00e1ra volt lehet\u0151s\u00e9g r\u00e9szt venni a t\u00e1borokban\u2026<\/p>\r\n                    <\/div>\r\n                    <a class=\"read-more mt-auto\" href=\"https:\/\/blog.generalielorelatok.hu\/alapitvany\/the-human-safety-net-szulo-gyerek-tabor-2025\/\" target=\"_blank\">Elolvasom<\/a>\r\n                <\/div>\r\n            <\/div>\r\n                <\/div>\r\n        <div class=\"swiper-button-next\"><\/div>\r\n        <div class=\"swiper-button-prev\"><\/div>\r\n    <\/div>\r\n<\/div>\r\n\r\n<script>\r\ndocument.addEventListener('DOMContentLoaded', function () {\r\n    new Swiper('#news-carousel-block_c9a30f0f0d557780a9ea7228c28cc848 .news-carousel', {\r\n        slidesPerView: 3,\r\n        spaceBetween: 40,\r\n        navigation: {\r\n            nextEl: '#news-carousel-block_c9a30f0f0d557780a9ea7228c28cc848 .swiper-button-next',\r\n            prevEl: '#news-carousel-block_c9a30f0f0d557780a9ea7228c28cc848 .swiper-button-prev',\r\n        },\r\n        breakpoints: {\r\n            1024: { slidesPerView: 3 },\r\n            768: { slidesPerView: 2 },\r\n            0: { slidesPerView: 1 }\r\n        }\r\n    });\r\n});\r\n<\/script>\r\n\r\n<link rel=\"stylesheet\" href=\"https:\/\/cdn.jsdelivr.net\/npm\/swiper@10\/swiper-bundle.min.css\" \/>\r\n<script src=\"https:\/\/cdn.jsdelivr.net\/npm\/swiper@10\/swiper-bundle.min.js\"><\/script>\r\n\r\n<style>\r\n.news-carousel-wrapper {\r\n    padding: 70px 15px 60px;\r\n    background: #f6f6f6;\r\n}\r\n.news-carousel {\r\n    max-width: 1170px;\r\n    margin: 0 auto;\r\n    padding:0 40px 50px;\r\n}\r\n.news-block-title{\r\n    text-align:center;\r\n    margin-bottom:60px;\r\n}\r\n@media screen and (max-width: 768px) {\r\n    .news-carousel-wrapper {\r\n        padding: 30px 15px 30px;\r\n    }\r\n    .news-block-title{\r\n        margin-bottom:30px;\r\n    }\r\n    \r\n}\r\n\r\n.news-carousel .swiper-slide {\r\n    height: auto;\r\n    display: flex;\r\n}\r\n\r\n.news-carousel .news-card {\r\n    display: flex;\r\n    flex-direction: column;\r\n    height: auto;\r\n    background: #fff;\r\n    box-shadow: 0px 4px 10px rgba(0,0,0,0.08);\r\n    border-radius: 5px;\r\n    overflow: hidden;\r\n}\r\n\r\n.news-carousel .news-card img {\r\n    width: 100%;\r\n    height: auto;\r\n    display: block;\r\n}\r\n\r\n.news-carousel .card-content {\r\n    padding: 20px;\r\n    display: flex;\r\n    flex-direction: column;\r\n    flex: 1;\r\n}\r\n\r\n.news-carousel .card-content h3 {\r\n    font-size: 24px;\r\n    font-family: 'Roboto', sans-serif;\r\n    font-weight: 400;\r\n    margin: 0 0 10px;\r\n}\r\n\r\n.news-carousel .card-content p {\r\n    font-size: 16px;\r\n    font-family: 'Roboto', sans-serif;\r\n    font-weight: 400;\r\n    margin: 0 0 15px;\r\n}\r\n\r\n.news-carousel .read-more {\r\n    font-weight: bold;\r\n    color: #c21b17;\r\n    text-transform: uppercase;\r\n    text-decoration: none;\r\n    font-size: 14px;\r\n    position: relative;\r\n    display: inline-block;\r\n    transition: all 0.3s ease;\r\n}\r\n\r\n.news-carousel .read-more::after {\r\n    content: '\u203a';\r\n    font-size: 16px;\r\n    color: #c21b17;\r\n    display: inline-block;\r\n    margin-left: 6px;\r\n    transition: transform 0.3s ease;\r\n}\r\n\r\n.news-carousel .read-more:hover::after {\r\n    transform: translateX(3px);\r\n}\r\n\r\n.news-carousel .swiper-button-next,\r\n.news-carousel .swiper-button-prev {\r\n    color: #c21b17;\r\n    background: transparent;\r\n    width: 21px;\r\n    height: 21px;\r\n}\r\n\r\n.news-carousel .swiper-button-next::after,\r\n.news-carousel .swiper-button-prev::after {\r\n    font-size: 21px;\r\n}\r\n<\/style>\r\n\n\n\n<div class=\"wp-block-group alignfull form-group-container\" id=\"kapcsolat\"><div class=\"wp-block-group__inner-container is-layout-flow wp-block-group-is-layout-flow\">\n<div class=\"wp-block-columns alignwide is-layout-flex wp-container-core-columns-is-layout-9d6595d7 wp-block-columns-is-layout-flex\">\n<div class=\"wp-block-column is-layout-flow wp-block-column-is-layout-flow\">\n<figure class=\"wp-block-image size-full\"><img loading=\"lazy\" decoding=\"async\" width=\"791\" height=\"232\" src=\"https:\/\/thsn.generalielorelatok.hu\/wp-content\/uploads\/2022\/10\/segitsd-a-munkankat.png\" alt=\"Seg\u00edtsd a munk\u00e1nkat\" class=\"wp-image-449\" srcset=\"https:\/\/generalielorelatok.hu\/thsn\/wp-content\/uploads\/2022\/10\/segitsd-a-munkankat.png 791w, https:\/\/generalielorelatok.hu\/thsn\/wp-content\/uploads\/2022\/10\/segitsd-a-munkankat-300x88.png 300w, https:\/\/generalielorelatok.hu\/thsn\/wp-content\/uploads\/2022\/10\/segitsd-a-munkankat-768x225.png 768w\" sizes=\"auto, (max-width: 791px) 100vw, 791px\" \/><\/figure>\n<\/div>\n\n\n\n<div class=\"wp-block-column is-layout-flow wp-block-column-is-layout-flow\">\n<div class=\"wp-block-group white-box\"><div class=\"wp-block-group__inner-container is-layout-flow wp-block-group-is-layout-flow\">\n<p>Te is egyet\u00e9rtesz A Generali a Biztons\u00e1g\u00e9rt Alap\u00edtv\u00e1ny c\u00e9ljaival? Seg\u00edtsd a munk\u00e1nkat!<\/p>\n\n\n\n<p><a href=\"https:\/\/generalielorelatok.hu\/thsn\/adomanyozas\/\" class=\"button\" rel=\"noopener\">Adom\u00e1nyozok<\/a><\/p>\n<\/div><\/div>\n<\/div>\n<\/div>\n<\/div><\/div>\n\n\n\n<p><\/p>\n","protected":false},"excerpt":{"rendered":"<p>Egy olyan vil\u00e1gr\u00f3l \u00e1lmodunk, amelyben a gyerekeknek megvan az es\u00e9lye a teljes \u00e9lethez.Boldog feln\u0151tt csak boldog gyerekb\u0151l lehet \u2013 ez hajtja a The Human Safety Net programhoz csatlakozott valamennyi partner\u00fcnket. Te is egyet\u00e9rtesz a Generali a Biztons\u00e1g\u00e9rt Alap\u00edtv\u00e1ny c\u00e9ljaival? Seg\u00edtsd a munk\u00e1nkat! Adom\u00e1nyozok Senki sem tudja jobban, mint a sz\u00fcl\u0151, hogy mire van sz\u00fcks\u00e9ge a [&hellip;]<\/p>\n","protected":false},"author":1,"featured_media":0,"parent":0,"menu_order":0,"comment_status":"closed","ping_status":"closed","template":"","meta":{"_acf_changed":false,"footnotes":""},"class_list":["post-515","page","type-page","status-publish","hentry"],"acf":[],"yoast_head":"<!-- This site is optimized with the Yoast SEO plugin v27.1.1 - https:\/\/yoast.com\/product\/yoast-seo-wordpress\/ -->\n<title>The Human Safety Net - The Human Safety Net - Generali Biztos\u00edt\u00f3<\/title>\n<meta name=\"robots\" content=\"index, follow, max-snippet:-1, max-image-preview:large, max-video-preview:-1\" \/>\n<link rel=\"canonical\" href=\"https:\/\/generalielorelatok.hu\/thsn\/\" \/>\n<meta property=\"og:locale\" content=\"hu_HU\" \/>\n<meta property=\"og:type\" content=\"article\" \/>\n<meta property=\"og:title\" content=\"The Human Safety Net - The Human Safety Net - Generali Biztos\u00edt\u00f3\" \/>\n<meta property=\"og:description\" content=\"Egy olyan vil\u00e1gr\u00f3l \u00e1lmodunk, amelyben a gyerekeknek megvan az es\u00e9lye a teljes \u00e9lethez.Boldog feln\u0151tt csak boldog gyerekb\u0151l lehet \u2013 ez hajtja a The Human Safety Net programhoz csatlakozott valamennyi partner\u00fcnket. Te is egyet\u00e9rtesz a Generali a Biztons\u00e1g\u00e9rt Alap\u00edtv\u00e1ny c\u00e9ljaival? Seg\u00edtsd a munk\u00e1nkat! Adom\u00e1nyozok Senki sem tudja jobban, mint a sz\u00fcl\u0151, hogy mire van sz\u00fcks\u00e9ge a [&hellip;]\" \/>\n<meta property=\"og:url\" content=\"https:\/\/generalielorelatok.hu\/thsn\/\" \/>\n<meta property=\"og:site_name\" content=\"The Human Safety Net - Generali Biztos\u00edt\u00f3\" \/>\n<meta property=\"article:modified_time\" content=\"2026-03-16T13:09:01+00:00\" \/>\n<meta property=\"og:image\" content=\"https:\/\/generalielorelatok.hu\/thsn\/wp-content\/uploads\/2025\/05\/key12-1024x569.jpg\" \/>\n<meta name=\"twitter:card\" content=\"summary_large_image\" \/>\n<meta name=\"twitter:label1\" content=\"Becs\u00fclt olvas\u00e1si id\u0151\" \/>\n\t<meta name=\"twitter:data1\" content=\"3 perc\" \/>\n<script type=\"application\/ld+json\" class=\"yoast-schema-graph\">{\"@context\":\"https:\/\/schema.org\",\"@graph\":[{\"@type\":\"WebPage\",\"@id\":\"https:\/\/generalielorelatok.hu\/thsn\/\",\"url\":\"https:\/\/generalielorelatok.hu\/thsn\/\",\"name\":\"The Human Safety Net - The Human Safety Net - Generali Biztos\u00edt\u00f3\",\"isPartOf\":{\"@id\":\"https:\/\/generalielorelatok.hu\/thsn\/#website\"},\"primaryImageOfPage\":{\"@id\":\"https:\/\/generalielorelatok.hu\/thsn\/#primaryimage\"},\"image\":{\"@id\":\"https:\/\/generalielorelatok.hu\/thsn\/#primaryimage\"},\"thumbnailUrl\":\"https:\/\/generalielorelatok.hu\/thsn\/wp-content\/uploads\/2025\/05\/key12-1024x569.jpg\",\"datePublished\":\"2025-05-08T07:19:29+00:00\",\"dateModified\":\"2026-03-16T13:09:01+00:00\",\"breadcrumb\":{\"@id\":\"https:\/\/generalielorelatok.hu\/thsn\/#breadcrumb\"},\"inLanguage\":\"hu\",\"potentialAction\":[{\"@type\":\"ReadAction\",\"target\":[\"https:\/\/generalielorelatok.hu\/thsn\/\"]}]},{\"@type\":\"ImageObject\",\"inLanguage\":\"hu\",\"@id\":\"https:\/\/generalielorelatok.hu\/thsn\/#primaryimage\",\"url\":\"https:\/\/generalielorelatok.hu\/thsn\/wp-content\/uploads\/2025\/05\/key12.jpg\",\"contentUrl\":\"https:\/\/generalielorelatok.hu\/thsn\/wp-content\/uploads\/2025\/05\/key12.jpg\",\"width\":1439,\"height\":800},{\"@type\":\"BreadcrumbList\",\"@id\":\"https:\/\/generalielorelatok.hu\/thsn\/#breadcrumb\",\"itemListElement\":[{\"@type\":\"ListItem\",\"position\":1,\"name\":\"Kezd\u0151lap\",\"item\":\"https:\/\/generalielorelatok.hu\/thsn\/\"},{\"@type\":\"ListItem\",\"position\":2,\"name\":\"The Human Safety Net\"}]},{\"@type\":\"WebSite\",\"@id\":\"https:\/\/generalielorelatok.hu\/thsn\/#website\",\"url\":\"https:\/\/generalielorelatok.hu\/thsn\/\",\"name\":\"The Human Safety Net - Generali Biztos\u00edt\u00f3\",\"description\":\"\",\"potentialAction\":[{\"@type\":\"SearchAction\",\"target\":{\"@type\":\"EntryPoint\",\"urlTemplate\":\"https:\/\/generalielorelatok.hu\/thsn\/?s={search_term_string}\"},\"query-input\":{\"@type\":\"PropertyValueSpecification\",\"valueRequired\":true,\"valueName\":\"search_term_string\"}}],\"inLanguage\":\"hu\"}]}<\/script>\n<!-- \/ Yoast SEO plugin. -->","yoast_head_json":{"title":"The Human Safety Net - The Human Safety Net - Generali Biztos\u00edt\u00f3","robots":{"index":"index","follow":"follow","max-snippet":"max-snippet:-1","max-image-preview":"max-image-preview:large","max-video-preview":"max-video-preview:-1"},"canonical":"https:\/\/generalielorelatok.hu\/thsn\/","og_locale":"hu_HU","og_type":"article","og_title":"The Human Safety Net - The Human Safety Net - Generali Biztos\u00edt\u00f3","og_description":"Egy olyan vil\u00e1gr\u00f3l \u00e1lmodunk, amelyben a gyerekeknek megvan az es\u00e9lye a teljes \u00e9lethez.Boldog feln\u0151tt csak boldog gyerekb\u0151l lehet \u2013 ez hajtja a The Human Safety Net programhoz csatlakozott valamennyi partner\u00fcnket. Te is egyet\u00e9rtesz a Generali a Biztons\u00e1g\u00e9rt Alap\u00edtv\u00e1ny c\u00e9ljaival? Seg\u00edtsd a munk\u00e1nkat! Adom\u00e1nyozok Senki sem tudja jobban, mint a sz\u00fcl\u0151, hogy mire van sz\u00fcks\u00e9ge a [&hellip;]","og_url":"https:\/\/generalielorelatok.hu\/thsn\/","og_site_name":"The Human Safety Net - Generali Biztos\u00edt\u00f3","article_modified_time":"2026-03-16T13:09:01+00:00","og_image":[{"url":"https:\/\/generalielorelatok.hu\/thsn\/wp-content\/uploads\/2025\/05\/key12-1024x569.jpg","type":"","width":"","height":""}],"twitter_card":"summary_large_image","twitter_misc":{"Becs\u00fclt olvas\u00e1si id\u0151":"3 perc"},"schema":{"@context":"https:\/\/schema.org","@graph":[{"@type":"WebPage","@id":"https:\/\/generalielorelatok.hu\/thsn\/","url":"https:\/\/generalielorelatok.hu\/thsn\/","name":"The Human Safety Net - The Human Safety Net - Generali Biztos\u00edt\u00f3","isPartOf":{"@id":"https:\/\/generalielorelatok.hu\/thsn\/#website"},"primaryImageOfPage":{"@id":"https:\/\/generalielorelatok.hu\/thsn\/#primaryimage"},"image":{"@id":"https:\/\/generalielorelatok.hu\/thsn\/#primaryimage"},"thumbnailUrl":"https:\/\/generalielorelatok.hu\/thsn\/wp-content\/uploads\/2025\/05\/key12-1024x569.jpg","datePublished":"2025-05-08T07:19:29+00:00","dateModified":"2026-03-16T13:09:01+00:00","breadcrumb":{"@id":"https:\/\/generalielorelatok.hu\/thsn\/#breadcrumb"},"inLanguage":"hu","potentialAction":[{"@type":"ReadAction","target":["https:\/\/generalielorelatok.hu\/thsn\/"]}]},{"@type":"ImageObject","inLanguage":"hu","@id":"https:\/\/generalielorelatok.hu\/thsn\/#primaryimage","url":"https:\/\/generalielorelatok.hu\/thsn\/wp-content\/uploads\/2025\/05\/key12.jpg","contentUrl":"https:\/\/generalielorelatok.hu\/thsn\/wp-content\/uploads\/2025\/05\/key12.jpg","width":1439,"height":800},{"@type":"BreadcrumbList","@id":"https:\/\/generalielorelatok.hu\/thsn\/#breadcrumb","itemListElement":[{"@type":"ListItem","position":1,"name":"Kezd\u0151lap","item":"https:\/\/generalielorelatok.hu\/thsn\/"},{"@type":"ListItem","position":2,"name":"The Human Safety Net"}]},{"@type":"WebSite","@id":"https:\/\/generalielorelatok.hu\/thsn\/#website","url":"https:\/\/generalielorelatok.hu\/thsn\/","name":"The Human Safety Net - Generali Biztos\u00edt\u00f3","description":"","potentialAction":[{"@type":"SearchAction","target":{"@type":"EntryPoint","urlTemplate":"https:\/\/generalielorelatok.hu\/thsn\/?s={search_term_string}"},"query-input":{"@type":"PropertyValueSpecification","valueRequired":true,"valueName":"search_term_string"}}],"inLanguage":"hu"}]}},"_links":{"self":[{"href":"https:\/\/generalielorelatok.hu\/thsn\/wp-json\/wp\/v2\/pages\/515","targetHints":{"allow":["GET"]}}],"collection":[{"href":"https:\/\/generalielorelatok.hu\/thsn\/wp-json\/wp\/v2\/pages"}],"about":[{"href":"https:\/\/generalielorelatok.hu\/thsn\/wp-json\/wp\/v2\/types\/page"}],"author":[{"embeddable":true,"href":"https:\/\/generalielorelatok.hu\/thsn\/wp-json\/wp\/v2\/users\/1"}],"replies":[{"embeddable":true,"href":"https:\/\/generalielorelatok.hu\/thsn\/wp-json\/wp\/v2\/comments?post=515"}],"version-history":[{"count":25,"href":"https:\/\/generalielorelatok.hu\/thsn\/wp-json\/wp\/v2\/pages\/515\/revisions"}],"predecessor-version":[{"id":650,"href":"https:\/\/generalielorelatok.hu\/thsn\/wp-json\/wp\/v2\/pages\/515\/revisions\/650"}],"wp:attachment":[{"href":"https:\/\/generalielorelatok.hu\/thsn\/wp-json\/wp\/v2\/media?parent=515"}],"curies":[{"name":"wp","href":"https:\/\/api.w.org\/{rel}","templated":true}]}}